{"id":83,"date":"2022-08-11T00:48:16","date_gmt":"2022-08-10T22:48:16","guid":{"rendered":"https:\/\/stephankrajcik.com\/?page_id=83"},"modified":"2024-07-25T17:12:57","modified_gmt":"2024-07-25T15:12:57","slug":"mes-propositions","status":"publish","type":"page","link":"https:\/\/stephankrajcik.com\/index.php\/mes-propositions\/","title":{"rendered":"Conf\u00e9rences et formations"},"content":{"rendered":"\n<div class=\"wp-block-cover has-parallax\"><span aria-hidden=\"true\" class=\"wp-block-cover__background has-background-dim-0 has-background-dim\"><\/span><div class=\"wp-block-cover__image-background wp-image-465 has-parallax\" style=\"background-position:50% 50%;background-image:url(https:\/\/stephankrajcik.com\/wp-content\/uploads\/2023\/04\/morgan-von-gunten-e4Gcg8cKNK8-unsplash.jpg)\"><\/div><div class=\"wp-block-cover__inner-container is-layout-flow wp-block-cover-is-layout-flow\">\n<p class=\"has-text-align-center has-white-color has-text-color\">&lt;span&gt;&nbsp;\u00a0\u00bb Les illettr\u00e9s du 21e si\u00e8cle ne seront pas ceux qui ne savent pas lire et \u00e9crire, mais ceux qui ne sauront pas apprendre, d\u00e9sapprendre et r\u00e9apprendre \u00a0\u00bb&nbsp; Alvin Tofler&lt;\/span&gt;<\/p>\n\n\n\n<p>&lt;div class=&rsquo;dcrbg&rsquo;&gt;&lt;\/div&gt;<\/p>\n<\/div><\/div>\n\n\n\n<p>&lt;div class=&rsquo;row&rsquo;&gt;<\/p>\n\n\n\n<p>&lt;div id=\u00a0\u00bbatelier-conference\u00a0\u00bb class=&rsquo;col-md-2 anchor&rsquo;&gt;&lt;\/div&gt;<\/p>\n\n\n\n<p>&lt;div class=&rsquo;col-md-8 p50 justify lor&rsquo; data-aos=\u00a0\u00bbfade-up\u00a0\u00bb data-aos-delay=\u00a0\u00bb100&Prime; data-aos-duration=\u00a0\u00bb1000&Prime;&gt;<\/p>\n\n\n\n<p>&lt;h4 class=&rsquo;font-edit sizeh mt-25 &lsquo;&gt;<mark style=\"background-color:rgba(0, 0, 0, 0)\" class=\"has-inline-color has-black-color\">Les ateliers-conf\u00e9rences<\/mark>&lt;\/h4&gt;<\/p>\n\n\n\n<p>&lt;br&gt;&lt;strong class=\u00a0\u00bbfs-20&Prime;&gt;<strong>Au coeur des organisations : le voyage relationnel&nbsp;<\/strong>&lt;\/strong&gt;<\/p>\n\n\n\n<p>Travailler dans une organisation, c\u2019est aussi nous engager sur le chemin du voyage relationnel. C\u2019est un voyage passionnant avec ses d\u00e9fis, ses surprises, ses joies et aussi ses frustrations, ses tensions ou encore ses d\u00e9sillusions. Il nous invite \u00e0 \u00eatre curieux des autres,&nbsp;\u00e0 \u00e9tablir des liens sinc\u00e8res, \u00e0 cultiver des relations, collaborer, s\u2019engager, avoir des \u00e9changes constructifs, et \u00e0 cr\u00e9er des espaces g\u00e9n\u00e9rateurs d\u2019\u00e9mergence.&nbsp;Il nous demande \u00e9galement de prendre sur nous, de nous remettre en question, de sortir de notre zone de confort et de faire des compromis.&nbsp;<\/p>\n\n\n\n<p>Lors de cet atelier-conf\u00e9rence, nous ferons une escale sur \u00ab\u00a0l\u2019\u00eele de la qualit\u00e9 relationnelle\u00a0\u00bb et les conditions favorables \u00e0 son bon d\u00e9veloppement. Ce temps d\u2019exploration vous permettra de poursuivre ensuite votre propre voyage relationnel, enrichi de nouveaux points de vue et nouvelles exp\u00e9riences. Bon voyage ! &nbsp;<\/p>\n\n\n\n<p>&lt;\/div&gt;<\/p>\n\n\n\n<p>&lt;\/div&gt;<\/p>\n\n\n\n<p>&lt;div class=&rsquo;spebg sdbg row m50&prime;&gt;<\/p>\n\n\n\n<p>&lt;div class=&rsquo;col-md-2&prime;&gt;&lt;\/div&gt;<\/p>\n\n\n\n<p>&lt;div class=&rsquo;col-md-8&prime; data-aos=\u00a0\u00bbfade\u00a0\u00bb data-aos-delay=\u00a0\u00bb100&Prime; data-aos-duration=\u00a0\u00bb800&Prime;&gt;<\/p>\n\n\n\n<p>&lt;div class=&rsquo;btxt ptope justify&rsquo;&gt;<\/p>\n\n\n\n<p>&lt;span class=\u00a0\u00bbfs-20&Prime;><strong>L&rsquo;Appr\u00e9ciative Inquiry :<\/strong> une r\u00e9volution positive&lt;\/span><\/p>\n\n\n\n<p>En chaque humain, il y a de&nbsp;nombreuses choses qui&nbsp;fonctionnent bien, des forces en pr\u00e9sence, des talents, une myriade d\u2019exp\u00e9riences r\u00e9ussies, une multitude de succ\u00e8s, des forces de vie qui motivent et nous mettent en mouvement. La posture appr\u00e9ciative permet de faire \u00e9merger et mettre en lumi\u00e8re tous ces tr\u00e9sors. C\u2019est \u00e0 partir de ce socle positif,&nbsp;ressour\u00e7ant et riche que nous pouvons envisager l\u2019avenir.<\/p>\n\n\n\n<p>Je vous propose de :<\/p>\n\n\n\n<ul class=\"wp-block-list\">\n<li>comprendre comment les humains vont dans le sens des questions qu\u2019ils se posent<\/li>\n\n\n\n<li>vivre le changement de paradigme appr\u00e9ciatif<\/li>\n\n\n\n<li>entra\u00eener votre cerveau \u00e0 l\u2019exploration appr\u00e9ciative<\/li>\n\n\n\n<li>explorer la chimie des histoires et des humains<\/li>\n<\/ul>\n\n\n\n<p>&lt;\/div&gt;<\/p>\n\n\n\n<p>&lt;\/div&gt;<\/p>\n\n\n\n<p>&lt;\/div&gt;<\/p>\n\n\n\n<p>&lt;div class=&rsquo;row&rsquo;&gt;<\/p>\n\n\n\n<p>&lt;div class=&rsquo;col-md-2 anchor&rsquo;&gt;&lt;\/div&gt;<\/p>\n\n\n\n<p>&lt;div class=&rsquo;col-md-8 p50 justify lor&rsquo; data-aos=\u00a0\u00bbfade-up\u00a0\u00bb data-aos-delay=\u00a0\u00bb100&Prime; data-aos-duration=\u00a0\u00bb1000&Prime;&gt;<\/p>\n\n\n\n<p>&lt;br>&lt;strong class=\u00a0\u00bbfs-20&Prime;><strong>Les 5 langages d\u2019appr\u00e9ciation<\/strong>&lt;\/strong><\/p>\n\n\n\n<p>Quelles sont les sources de satisfaction les plus importantes au travail&nbsp;? Dans cet atelier-conf\u00e9rence, nous mettrons l\u2019appr\u00e9ciation au premier plan. L&rsquo;appr\u00e9ciation souligne le \u00ab&nbsp;\u00eatre&nbsp;\u00bb et le valorise. Elle g\u00e9n\u00e8re de la motivation et de la joie dans l\u2019accomplissement des t\u00e2ches. Sans celle-ci, notre travail para\u00eet souvent morne et ennuyeux et ne satisfait pas nos besoins d&rsquo;accomplissement et de qualit\u00e9 relationnelle.<\/p>\n\n\n\n<p>Nous aborderons&nbsp;:<\/p>\n\n\n\n<ul class=\"wp-block-list\">\n<li>les principes fondamentaux de l\u2019appr\u00e9ciation<\/li>\n\n\n\n<li>les cinq langages d\u2019appr\u00e9ciation<\/li>\n\n\n\n<li>l&rsquo;identification de votre langue maternelle et celle des autres<\/li>\n\n\n\n<li>la pratique de votre langue&nbsp;maternelle et apprendre celle des autres<\/li>\n\n\n\n<li>les cons\u00e9quences heureuses de l\u2019appr\u00e9ciation<\/li>\n<\/ul>\n\n\n\n<p>&lt;\/div&gt;<\/p>\n\n\n\n<p>&lt;\/div&gt;<\/p>\n\n\n\n<p>&lt;div class=&rsquo;spebg wrldvw row m50&prime;&gt;<\/p>\n\n\n\n<p>&lt;div class=&rsquo;col-md-2&prime;&gt;&lt;\/div&gt;<\/p>\n\n\n\n<p>&lt;div class=&rsquo;col-md-8&prime; data-aos=\u00a0\u00bbfade\u00a0\u00bb data-aos-delay=\u00a0\u00bb100&Prime; data-aos-duration=\u00a0\u00bb800&Prime;&gt;<\/p>\n\n\n\n<p>&lt;div class=&rsquo;btxt ptope justify&rsquo;&gt;<\/p>\n\n\n\n<p>&lt;span class=\u00a0\u00bbfs-20&Prime;>\u00ab<strong>\u00a0<\/strong>Worldview\u00a0Intelligence ou l\u2019Intelligence de nos visions du monde\u00a0\u00bb et leurs impacts sur nos d\u00e9cisions&lt;\/span><\/p>\n\n\n\n<p>Nous avons tous de multiples visions du monde. Celles-ci op\u00e8rent \u00e0 80% inconsciemment et influencent la fa\u00e7on dont nous voyons et interagissons avec le monde, les \u00e9v\u00e9nements, les situations et les autres personnes.<br>Les tensions et les conflits, ou l&rsquo;apathie et la r\u00e9signation font partie d\u2019un \u00e9ventail de r\u00e9ponses possibles lorsque les visions du monde s\u2019entrechoquent. Un individu, une organisation ou une communaut\u00e9 qui est conscient des multiples visions existantes sur le monde offre, entre autres, un plus grand potentiel de leadership, plus d\u2019inclusion, et des lieux de travail plus accueillants.<\/p>\n\n\n\n<p>&lt;span class=\u00a0\u00bbfs-20&Prime;&gt;Nous aborderons :&lt;\/span&gt;<\/p>\n\n\n\n<ul class=\"wp-block-list\">\n<li>comprendre comment nous formons nos points de vues, nos fa\u00e7ons de voir les choses, nos croyances<\/li>\n\n\n\n<li>comment notre \u201csyst\u00e8me op\u00e9rationnel\u201d fonctionne et pourquoi <\/li>\n\n\n\n<li>comment notre cerveau s\u00e9lectionne et renforce nos&nbsp;fa\u00e7ons de voir le monde<\/li>\n\n\n\n<li>l\u2019impact de notre \u201cmoi\u201d, carte mentale, sur notre exp\u00e9rience de vie<\/li>\n<\/ul>\n\n\n\n<p>&lt;\/div&gt;<\/p>\n\n\n\n<p>&lt;\/div&gt;<\/p>\n\n\n\n<p>&lt;\/div&gt;<\/p>\n\n\n\n<p>&lt;div class=&rsquo;row&rsquo;&gt;<\/p>\n\n\n\n<p>&lt;div class=&rsquo;col-md-2 anchor&rsquo;&gt;&lt;\/div&gt;<\/p>\n\n\n\n<p>&lt;div class=&rsquo;col-md-8 p50 justify lor&rsquo; data-aos=\u00a0\u00bbfade-up\u00a0\u00bb data-aos-delay=\u00a0\u00bb100&Prime; data-aos-duration=\u00a0\u00bb1000&Prime;&gt;<\/p>\n\n\n\n<p>&lt;br>&lt;strong class=\u00a0\u00bbfs-20&Prime;><strong>Quatre cl\u00e9s pour un coeur l\u00e9ger<\/strong>&lt;\/strong><\/p>\n\n\n\n<p>Les \u00e9tudes en neurosciences nous montrent que notre humeur, notre \u00e9tat d\u2019esprit et la qualit\u00e9 de nos relations ont un impact direct sur notre sant\u00e9 mentale et physique. En effet, l\u00e0 o\u00f9 nous portons notre attention, les mots que nous utilisons, notre fa\u00e7on de voir le monde, ou encore nos valeurs et syst\u00e8mes de croyances ont un impact non n\u00e9gligeable sur la r\u00e9alit\u00e9 telle que nous la vivons et sur notre qualit\u00e9 de vie et de bien-\u00eatre.<\/p>\n\n\n\n<p>Dans cet atelier-conf\u00e9rence, vous d\u00e9couvrirez 4 cl\u00e9s qui permettent d\u2019all\u00e9ger et de lib\u00e9rer votre coeur des tensions, des malentendus, des blessures relationnelles et de faire place \u00e0 un quotidien plus serein, au travail comme \u00e0 la maison.&nbsp;<\/p>\n\n\n\n<p>&lt;\/div&gt;<\/p>\n\n\n\n<p>&lt;\/div&gt;<\/p>\n\n\n\n<p>&lt;\/div&gt;<\/p>\n","protected":false},"excerpt":{"rendered":"<p>&lt;div class=&rsquo;row&rsquo;&gt; &lt;div id=\u00a0\u00bbatelier-conference\u00a0\u00bb class=&rsquo;col-md-2 anchor&rsquo;&gt;&lt;\/div&gt; &lt;div class=&rsquo;col-md-8 p50 justify lor&rsquo; data-aos=\u00a0\u00bbfade-up\u00a0\u00bb data-aos-delay=\u00a0\u00bb100&Prime; data-aos-duration=\u00a0\u00bb1000&Prime;&gt; &lt;h4 class=&rsquo;font-edit sizeh mt-25 &lsquo;&gt;Les ateliers-conf\u00e9rences&lt;\/h4&gt; &lt;br&gt;&lt;strong class=\u00a0\u00bbfs-20&Prime;&gt;Au coeur des organisations : le voyage relationnel&nbsp;&lt;\/strong&gt; Travailler dans une organisation, c\u2019est aussi nous engager sur le chemin du voyage relationnel. C\u2019est un voyage passionnant avec ses d\u00e9fis, ses surprises, ses joies et [&hellip;]<\/p>\n","protected":false},"author":1,"featured_media":0,"parent":0,"menu_order":0,"comment_status":"closed","ping_status":"closed","template":"template-banner.php","meta":{"footnotes":""},"class_list":["post-83","page","type-page","status-publish","hentry"],"yoast_head":"<!-- This site is optimized with the Yoast SEO plugin v20.10 - https:\/\/yoast.com\/wordpress\/plugins\/seo\/ -->\n<title>Conf\u00e9rences et formations - Stephan Krajcik<\/title>\n<meta name=\"robots\" content=\"index, follow, max-snippet:-1, max-image-preview:large, max-video-preview:-1\" \/>\n<link rel=\"canonical\" href=\"https:\/\/stephankrajcik.com\/index.php\/mes-propositions\/\" \/>\n<meta property=\"og:locale\" content=\"fr_FR\" \/>\n<meta property=\"og:type\" content=\"article\" \/>\n<meta property=\"og:title\" content=\"Conf\u00e9rences et formations - Stephan Krajcik\" \/>\n<meta property=\"og:description\" content=\"&lt;div class=&rsquo;row&rsquo;&gt; &lt;div id=\u00a0\u00bbatelier-conference\u00a0\u00bb class=&rsquo;col-md-2 anchor&rsquo;&gt;&lt;\/div&gt; &lt;div class=&rsquo;col-md-8 p50 justify lor&rsquo; data-aos=\u00a0\u00bbfade-up\u00a0\u00bb data-aos-delay=\u00a0\u00bb100&Prime; data-aos-duration=\u00a0\u00bb1000&Prime;&gt; &lt;h4 class=&rsquo;font-edit sizeh mt-25 &lsquo;&gt;Les ateliers-conf\u00e9rences&lt;\/h4&gt; &lt;br&gt;&lt;strong class=\u00a0\u00bbfs-20&Prime;&gt;Au coeur des organisations : le voyage relationnel&nbsp;&lt;\/strong&gt; Travailler dans une organisation, c\u2019est aussi nous engager sur le chemin du voyage relationnel. C\u2019est un voyage passionnant avec ses d\u00e9fis, ses surprises, ses joies et [&hellip;]\" \/>\n<meta property=\"og:url\" content=\"https:\/\/stephankrajcik.com\/index.php\/mes-propositions\/\" \/>\n<meta property=\"og:site_name\" content=\"Stephan Krajcik\" \/>\n<meta property=\"article:modified_time\" content=\"2024-07-25T15:12:57+00:00\" \/>\n<meta name=\"twitter:card\" content=\"summary_large_image\" \/>\n<meta name=\"twitter:label1\" content=\"Dur\u00e9e de lecture estim\u00e9e\" \/>\n\t<meta name=\"twitter:data1\" content=\"4 minutes\" \/>\n<script type=\"application\/ld+json\" class=\"yoast-schema-graph\">{\"@context\":\"https:\/\/schema.org\",\"@graph\":[{\"@type\":\"WebPage\",\"@id\":\"https:\/\/stephankrajcik.com\/index.php\/mes-propositions\/\",\"url\":\"https:\/\/stephankrajcik.com\/index.php\/mes-propositions\/\",\"name\":\"Conf\u00e9rences et formations - Stephan Krajcik\",\"isPartOf\":{\"@id\":\"https:\/\/stephankrajcik.com\/#website\"},\"datePublished\":\"2022-08-10T22:48:16+00:00\",\"dateModified\":\"2024-07-25T15:12:57+00:00\",\"breadcrumb\":{\"@id\":\"https:\/\/stephankrajcik.com\/index.php\/mes-propositions\/#breadcrumb\"},\"inLanguage\":\"fr-FR\",\"potentialAction\":[{\"@type\":\"ReadAction\",\"target\":[\"https:\/\/stephankrajcik.com\/index.php\/mes-propositions\/\"]}]},{\"@type\":\"BreadcrumbList\",\"@id\":\"https:\/\/stephankrajcik.com\/index.php\/mes-propositions\/#breadcrumb\",\"itemListElement\":[{\"@type\":\"ListItem\",\"position\":1,\"name\":\"Accueil\",\"item\":\"https:\/\/stephankrajcik.com\/\"},{\"@type\":\"ListItem\",\"position\":2,\"name\":\"Conf\u00e9rences et formations\"}]},{\"@type\":\"WebSite\",\"@id\":\"https:\/\/stephankrajcik.com\/#website\",\"url\":\"https:\/\/stephankrajcik.com\/\",\"name\":\"Stephan Krajcik\",\"description\":\"Coach et Praticien Appr\u00e9ciatif\",\"publisher\":{\"@id\":\"https:\/\/stephankrajcik.com\/#\/schema\/person\/38bb23481570d85c030cedb59eb736b8\"},\"potentialAction\":[{\"@type\":\"SearchAction\",\"target\":{\"@type\":\"EntryPoint\",\"urlTemplate\":\"https:\/\/stephankrajcik.com\/?s={search_term_string}\"},\"query-input\":\"required name=search_term_string\"}],\"inLanguage\":\"fr-FR\"},{\"@type\":[\"Person\",\"Organization\"],\"@id\":\"https:\/\/stephankrajcik.com\/#\/schema\/person\/38bb23481570d85c030cedb59eb736b8\",\"name\":\"admin9842\",\"image\":{\"@type\":\"ImageObject\",\"inLanguage\":\"fr-FR\",\"@id\":\"https:\/\/stephankrajcik.com\/#\/schema\/person\/image\/\",\"url\":\"https:\/\/secure.gravatar.com\/avatar\/b75c30ce64f7643c719d88aaaf00aab82dd13ec4e6fc77f1032bbf03c2da4546?s=96&d=mm&r=g\",\"contentUrl\":\"https:\/\/secure.gravatar.com\/avatar\/b75c30ce64f7643c719d88aaaf00aab82dd13ec4e6fc77f1032bbf03c2da4546?s=96&d=mm&r=g\",\"caption\":\"admin9842\"},\"logo\":{\"@id\":\"https:\/\/stephankrajcik.com\/#\/schema\/person\/image\/\"},\"sameAs\":[\"http:\/\/stephankrajcik.com\",\"https:\/\/www.linkedin.com\/in\/skrajcik\/\"]}]}<\/script>\n<!-- \/ Yoast SEO plugin. -->","yoast_head_json":{"title":"Conf\u00e9rences et formations - Stephan Krajcik","robots":{"index":"index","follow":"follow","max-snippet":"max-snippet:-1","max-image-preview":"max-image-preview:large","max-video-preview":"max-video-preview:-1"},"canonical":"https:\/\/stephankrajcik.com\/index.php\/mes-propositions\/","og_locale":"fr_FR","og_type":"article","og_title":"Conf\u00e9rences et formations - Stephan Krajcik","og_description":"&lt;div class=&rsquo;row&rsquo;&gt; &lt;div id=\u00a0\u00bbatelier-conference\u00a0\u00bb class=&rsquo;col-md-2 anchor&rsquo;&gt;&lt;\/div&gt; &lt;div class=&rsquo;col-md-8 p50 justify lor&rsquo; data-aos=\u00a0\u00bbfade-up\u00a0\u00bb data-aos-delay=\u00a0\u00bb100&Prime; data-aos-duration=\u00a0\u00bb1000&Prime;&gt; &lt;h4 class=&rsquo;font-edit sizeh mt-25 &lsquo;&gt;Les ateliers-conf\u00e9rences&lt;\/h4&gt; &lt;br&gt;&lt;strong class=\u00a0\u00bbfs-20&Prime;&gt;Au coeur des organisations : le voyage relationnel&nbsp;&lt;\/strong&gt; Travailler dans une organisation, c\u2019est aussi nous engager sur le chemin du voyage relationnel. C\u2019est un voyage passionnant avec ses d\u00e9fis, ses surprises, ses joies et [&hellip;]","og_url":"https:\/\/stephankrajcik.com\/index.php\/mes-propositions\/","og_site_name":"Stephan Krajcik","article_modified_time":"2024-07-25T15:12:57+00:00","twitter_card":"summary_large_image","twitter_misc":{"Dur\u00e9e de lecture estim\u00e9e":"4 minutes"},"schema":{"@context":"https:\/\/schema.org","@graph":[{"@type":"WebPage","@id":"https:\/\/stephankrajcik.com\/index.php\/mes-propositions\/","url":"https:\/\/stephankrajcik.com\/index.php\/mes-propositions\/","name":"Conf\u00e9rences et formations - Stephan Krajcik","isPartOf":{"@id":"https:\/\/stephankrajcik.com\/#website"},"datePublished":"2022-08-10T22:48:16+00:00","dateModified":"2024-07-25T15:12:57+00:00","breadcrumb":{"@id":"https:\/\/stephankrajcik.com\/index.php\/mes-propositions\/#breadcrumb"},"inLanguage":"fr-FR","potentialAction":[{"@type":"ReadAction","target":["https:\/\/stephankrajcik.com\/index.php\/mes-propositions\/"]}]},{"@type":"BreadcrumbList","@id":"https:\/\/stephankrajcik.com\/index.php\/mes-propositions\/#breadcrumb","itemListElement":[{"@type":"ListItem","position":1,"name":"Accueil","item":"https:\/\/stephankrajcik.com\/"},{"@type":"ListItem","position":2,"name":"Conf\u00e9rences et formations"}]},{"@type":"WebSite","@id":"https:\/\/stephankrajcik.com\/#website","url":"https:\/\/stephankrajcik.com\/","name":"Stephan Krajcik","description":"Coach et Praticien Appr\u00e9ciatif","publisher":{"@id":"https:\/\/stephankrajcik.com\/#\/schema\/person\/38bb23481570d85c030cedb59eb736b8"},"potentialAction":[{"@type":"SearchAction","target":{"@type":"EntryPoint","urlTemplate":"https:\/\/stephankrajcik.com\/?s={search_term_string}"},"query-input":"required name=search_term_string"}],"inLanguage":"fr-FR"},{"@type":["Person","Organization"],"@id":"https:\/\/stephankrajcik.com\/#\/schema\/person\/38bb23481570d85c030cedb59eb736b8","name":"admin9842","image":{"@type":"ImageObject","inLanguage":"fr-FR","@id":"https:\/\/stephankrajcik.com\/#\/schema\/person\/image\/","url":"https:\/\/secure.gravatar.com\/avatar\/b75c30ce64f7643c719d88aaaf00aab82dd13ec4e6fc77f1032bbf03c2da4546?s=96&d=mm&r=g","contentUrl":"https:\/\/secure.gravatar.com\/avatar\/b75c30ce64f7643c719d88aaaf00aab82dd13ec4e6fc77f1032bbf03c2da4546?s=96&d=mm&r=g","caption":"admin9842"},"logo":{"@id":"https:\/\/stephankrajcik.com\/#\/schema\/person\/image\/"},"sameAs":["http:\/\/stephankrajcik.com","https:\/\/www.linkedin.com\/in\/skrajcik\/"]}]}},"_links":{"self":[{"href":"https:\/\/stephankrajcik.com\/index.php\/wp-json\/wp\/v2\/pages\/83","targetHints":{"allow":["GET"]}}],"collection":[{"href":"https:\/\/stephankrajcik.com\/index.php\/wp-json\/wp\/v2\/pages"}],"about":[{"href":"https:\/\/stephankrajcik.com\/index.php\/wp-json\/wp\/v2\/types\/page"}],"author":[{"embeddable":true,"href":"https:\/\/stephankrajcik.com\/index.php\/wp-json\/wp\/v2\/users\/1"}],"replies":[{"embeddable":true,"href":"https:\/\/stephankrajcik.com\/index.php\/wp-json\/wp\/v2\/comments?post=83"}],"version-history":[{"count":158,"href":"https:\/\/stephankrajcik.com\/index.php\/wp-json\/wp\/v2\/pages\/83\/revisions"}],"predecessor-version":[{"id":1088,"href":"https:\/\/stephankrajcik.com\/index.php\/wp-json\/wp\/v2\/pages\/83\/revisions\/1088"}],"wp:attachment":[{"href":"https:\/\/stephankrajcik.com\/index.php\/wp-json\/wp\/v2\/media?parent=83"}],"curies":[{"name":"wp","href":"https:\/\/api.w.org\/{rel}","templated":true}]}}